{"id":1007,"date":"2022-05-31T09:42:25","date_gmt":"2022-05-31T07:42:25","guid":{"rendered":"https:\/\/saiatuz.eus\/dolua-galera-afektiboak\/"},"modified":"2022-12-14T14:09:14","modified_gmt":"2022-12-14T13:09:14","slug":"duelo-perdidas-afectivas","status":"publish","type":"page","link":"https:\/\/saiatuz.eus\/es\/duelo-perdidas-afectivas\/","title":{"rendered":"Duelo &#8211; Perdidas Afectivas"},"content":{"rendered":"\t\t<div data-elementor-type=\"wp-page\" data-elementor-id=\"1007\" class=\"elementor elementor-1007 elementor-243\" data-elementor-settings=\"[]\">\n\t\t\t\t\t\t\t<div class=\"elementor-section-wrap\">\n\t\t\t\t\t\t\t<section class=\"elementor-section elementor-top-section elementor-element elementor-element-91c6136 elementor-section-boxed elementor-section-height-default elementor-section-height-default\" data-id=\"91c6136\" data-element_type=\"section\">\n\t\t\t\t\t\t<div class=\"elementor-container elementor-column-gap-default\">\n\t\t\t\t\t<div class=\"elementor-column elementor-col-100 elementor-top-column elementor-element elementor-element-2ff6a71\" data-id=\"2ff6a71\" data-element_type=\"column\">\n\t\t\t<div class=\"elementor-widget-wrap elementor-element-populated\">\n\t\t\t\t\t\t\t\t<div class=\"elementor-element elementor-element-4a2b14e elementor-nav-menu__align-justify elementor-nav-menu--dropdown-tablet elementor-nav-menu__text-align-aside elementor-nav-menu--toggle elementor-nav-menu--burger elementor-widget elementor-widget-nav-menu\" data-id=\"4a2b14e\" data-element_type=\"widget\" data-settings=\"{&quot;layout&quot;:&quot;horizontal&quot;,&quot;submenu_icon&quot;:{&quot;value&quot;:&quot;&lt;i class=\\&quot;fas fa-caret-down\\&quot;&gt;&lt;\\\/i&gt;&quot;,&quot;library&quot;:&quot;fa-solid&quot;},&quot;toggle&quot;:&quot;burger&quot;}\" data-widget_type=\"nav-menu.default\">\n\t\t\t\t<div class=\"elementor-widget-container\">\n\t\t\t<link rel=\"stylesheet\" href=\"https:\/\/saiatuz.eus\/wp-content\/plugins\/elementor-pro\/assets\/css\/widget-nav-menu.min.css\">\t\t\t<nav migration_allowed=\"1\" migrated=\"0\" role=\"navigation\" class=\"elementor-nav-menu--main elementor-nav-menu__container elementor-nav-menu--layout-horizontal e--pointer-background e--animation-fade\">\n\t\t\t\t<ul id=\"menu-1-4a2b14e\" class=\"elementor-nav-menu\"><li class=\"menu-item menu-item-type-post_type menu-item-object-page menu-item-1059\"><a href=\"https:\/\/saiatuz.eus\/es\/usui-reiki-ryoho\/\" class=\"elementor-item menu-link\">Usui REIKI Ryoho<\/a><\/li>\n<li class=\"menu-item menu-item-type-post_type menu-item-object-page menu-item-1060\"><a href=\"https:\/\/saiatuz.eus\/es\/crecimiento-personal\/\" class=\"elementor-item menu-link\">Crecimiento Personal<\/a><\/li>\n<li class=\"menu-item menu-item-type-post_type menu-item-object-page menu-item-1061\"><a href=\"https:\/\/saiatuz.eus\/es\/duelo-perdidas-afectivas\/\" class=\"elementor-item menu-link\">Duelo &#8211; Perdidas Afectivas<\/a><\/li>\n<li class=\"menu-item menu-item-type-post_type menu-item-object-page menu-item-1062\"><a href=\"https:\/\/saiatuz.eus\/es\/autoestima\/\" class=\"elementor-item menu-link\">Autoestima<\/a><\/li>\n<li class=\"menu-item menu-item-type-post_type menu-item-object-page menu-item-1063\"><a href=\"https:\/\/saiatuz.eus\/es\/apego\/\" class=\"elementor-item menu-link\">Apego<\/a><\/li>\n<\/ul>\t\t\t<\/nav>\n\t\t\t\t\t<div class=\"elementor-menu-toggle\" role=\"button\" tabindex=\"0\" aria-label=\"Menu Toggle\" aria-expanded=\"false\">\n\t\t\t<i aria-hidden=\"true\" role=\"presentation\" class=\"elementor-menu-toggle__icon--open eicon-menu-bar\"><\/i><i aria-hidden=\"true\" role=\"presentation\" class=\"elementor-menu-toggle__icon--close eicon-close\"><\/i>\t\t\t<span class=\"elementor-screen-only\">Menu<\/span>\n\t\t<\/div>\n\t\t\t<nav class=\"elementor-nav-menu--dropdown elementor-nav-menu__container\" role=\"navigation\" aria-hidden=\"true\">\n\t\t\t\t<ul id=\"menu-2-4a2b14e\" class=\"elementor-nav-menu\"><li class=\"menu-item menu-item-type-post_type menu-item-object-page menu-item-1059\"><a href=\"https:\/\/saiatuz.eus\/es\/usui-reiki-ryoho\/\" class=\"elementor-item menu-link\" tabindex=\"-1\">Usui REIKI Ryoho<\/a><\/li>\n<li class=\"menu-item menu-item-type-post_type menu-item-object-page menu-item-1060\"><a href=\"https:\/\/saiatuz.eus\/es\/crecimiento-personal\/\" class=\"elementor-item menu-link\" tabindex=\"-1\">Crecimiento Personal<\/a><\/li>\n<li class=\"menu-item menu-item-type-post_type menu-item-object-page menu-item-1061\"><a href=\"https:\/\/saiatuz.eus\/es\/duelo-perdidas-afectivas\/\" class=\"elementor-item menu-link\" tabindex=\"-1\">Duelo &#8211; Perdidas Afectivas<\/a><\/li>\n<li class=\"menu-item menu-item-type-post_type menu-item-object-page menu-item-1062\"><a href=\"https:\/\/saiatuz.eus\/es\/autoestima\/\" class=\"elementor-item menu-link\" tabindex=\"-1\">Autoestima<\/a><\/li>\n<li class=\"menu-item menu-item-type-post_type menu-item-object-page menu-item-1063\"><a href=\"https:\/\/saiatuz.eus\/es\/apego\/\" class=\"elementor-item menu-link\" tabindex=\"-1\">Apego<\/a><\/li>\n<\/ul>\t\t\t<\/nav>\n\t\t\t\t<\/div>\n\t\t\t\t<\/div>\n\t\t\t\t\t<\/div>\n\t\t<\/div>\n\t\t\t\t\t\t\t<\/div>\n\t\t<\/section>\n\t\t\t\t<section class=\"elementor-section elementor-top-section elementor-element elementor-element-807050e elementor-section-boxed elementor-section-height-default elementor-section-height-default\" data-id=\"807050e\" data-element_type=\"section\">\n\t\t\t\t\t\t<div class=\"elementor-container elementor-column-gap-default\">\n\t\t\t\t\t<div class=\"elementor-column elementor-col-50 elementor-top-column elementor-element elementor-element-7e2cf5e\" data-id=\"7e2cf5e\" data-element_type=\"column\">\n\t\t\t<div class=\"elementor-widget-wrap elementor-element-populated\">\n\t\t\t\t\t\t\t\t<div class=\"elementor-element elementor-element-2c69f01 elementor-invisible elementor-widget elementor-widget-text-editor\" data-id=\"2c69f01\" data-element_type=\"widget\" data-settings=\"{&quot;_animation&quot;:&quot;fadeInLeft&quot;}\" data-widget_type=\"text-editor.default\">\n\t\t\t\t<div class=\"elementor-widget-container\">\n\t\t\t<style>\/*! elementor - v3.5.6 - 28-02-2022 *\/\n.elementor-widget-text-editor.elementor-drop-cap-view-stacked .elementor-drop-cap{background-color:#818a91;color:#fff}.elementor-widget-text-editor.elementor-drop-cap-view-framed .elementor-drop-cap{color:#818a91;border:3px solid;background-color:transparent}.elementor-widget-text-editor:not(.elementor-drop-cap-view-default) .elementor-drop-cap{margin-top:8px}.elementor-widget-text-editor:not(.elementor-drop-cap-view-default) .elementor-drop-cap-letter{width:1em;height:1em}.elementor-widget-text-editor .elementor-drop-cap{float:left;text-align:center;line-height:1;font-size:50px}.elementor-widget-text-editor .elementor-drop-cap-letter{display:inline-block}<\/style>\t\t\t\t<p>Entendemos las p\u00e9rdidas afectivas en la dimensi\u00f3n m\u00e1s amplia del duelo. Para ello, se ayuda en que te enfoques en el tipo de p\u00e9rdida y las herramientas que necesitas para trabajar en ella. D\u00e1ndole su lugar a tu proceso de aceptaci\u00f3n a trav\u00e9s del tiempo y la confianza.<\/p><p><b>Es el sentimiento de p\u00e9rdida, desapego o cambio de alguien o algo que amamos<\/b>.<\/p><p>Construido con algunas emociones y pensamientos. Lo que experimentamos desde el cuerpo, influenciado por pensamientos y sentimientos, como por nuestro contexto cultural, los valores y las creencias.<\/p><p>Nos hace sentir diferentes emociones que pueden ser contradictorias y las p\u00e9rdidas son experiencias que vivimos desde que nacemos.<\/p><p>Los tipos de p\u00e9rdida incluyen Material, Relacional, Social, Evolutivo, Intrapersonal, Ambiguo y su impacto afectivo es personal e inmutable, la del individuo, que resuena en lo colectivo.<\/p><p><b>La vida es una p\u00e9rdida continua, vivida como un continuum creado por el choque entre lo que viene y lo que se va<\/b>.<\/p><p>Durante el proceso de terapia, nos enfocamos en el trabajo afectivo de la perdida y nos convertimos en un acompa\u00f1ante, teniendo en cuenta c\u00f3mo eres. Como dije, las experiencias de dos personas, como sus personalidades son diferentes, no sanar\u00e1n de la misma manera.<\/p>\t\t\t\t\t\t<\/div>\n\t\t\t\t<\/div>\n\t\t\t\t\t<\/div>\n\t\t<\/div>\n\t\t\t\t<div class=\"elementor-column elementor-col-50 elementor-top-column elementor-element elementor-element-8a314d1\" data-id=\"8a314d1\" data-element_type=\"column\">\n\t\t\t<div class=\"elementor-widget-wrap elementor-element-populated\">\n\t\t\t\t\t\t\t\t<div class=\"elementor-element elementor-element-334bd80 elementor-invisible elementor-widget elementor-widget-image\" data-id=\"334bd80\" data-element_type=\"widget\" data-settings=\"{&quot;_animation&quot;:&quot;fadeInRight&quot;}\" data-widget_type=\"image.default\">\n\t\t\t\t<div class=\"elementor-widget-container\">\n\t\t\t<style>\/*! elementor - v3.5.6 - 28-02-2022 *\/\n.elementor-widget-image{text-align:center}.elementor-widget-image a{display:inline-block}.elementor-widget-image a img[src$=\".svg\"]{width:48px}.elementor-widget-image img{vertical-align:middle;display:inline-block}<\/style>\t\t\t\t\t\t\t\t\t\t\t\t<img width=\"530\" height=\"800\" src=\"https:\/\/saiatuz.eus\/wp-content\/uploads\/2022\/06\/fog-mist-ocean-1868416-530x800.jpg\" class=\"attachment-large size-large\" alt=\"\" loading=\"lazy\" srcset=\"https:\/\/saiatuz.eus\/wp-content\/uploads\/2022\/06\/fog-mist-ocean-1868416-530x800.jpg 530w, https:\/\/saiatuz.eus\/wp-content\/uploads\/2022\/06\/fog-mist-ocean-1868416-768x1159.jpg 768w, https:\/\/saiatuz.eus\/wp-content\/uploads\/2022\/06\/fog-mist-ocean-1868416.jpg 848w\" sizes=\"(max-width: 530px) 100vw, 530px\" \/>\t\t\t\t\t\t\t\t\t\t\t\t\t\t\t<\/div>\n\t\t\t\t<\/div>\n\t\t\t\t\t<\/div>\n\t\t<\/div>\n\t\t\t\t\t\t\t<\/div>\n\t\t<\/section>\n\t\t\t\t\t\t<\/div>\n\t\t\t\t\t<\/div>\n\t\t","protected":false},"excerpt":{"rendered":"<p>Entendemos las p\u00e9rdidas afectivas en la dimensi\u00f3n m\u00e1s amplia del duelo. Para ello, se ayuda en que te enfoques en el tipo de p\u00e9rdida y las herramientas que necesitas para trabajar en ella. D\u00e1ndole su lugar a tu proceso de aceptaci\u00f3n a trav\u00e9s del tiempo y la confianza. Es el sentimiento de p\u00e9rdida, desapego o &hellip;<\/p>\n<p class=\"read-more\"> <a class=\"ast-button\" href=\"https:\/\/saiatuz.eus\/es\/duelo-perdidas-afectivas\/\"> <span class=\"screen-reader-text\">Duelo &#8211; Perdidas Afectivas<\/span> Irakurri gehiago \u00bb<\/a><\/p>\n","protected":false},"author":1,"featured_media":0,"parent":0,"menu_order":0,"comment_status":"closed","ping_status":"closed","template":"","meta":{"site-sidebar-layout":"no-sidebar","site-content-layout":"page-builder","ast-main-header-display":"","ast-hfb-above-header-display":"","ast-hfb-below-header-display":"","ast-hfb-mobile-header-display":"","site-post-title":"disabled","ast-breadcrumbs-content":"","ast-featured-img":"disabled","footer-sml-layout":"","theme-transparent-header-meta":"disabled","adv-header-id-meta":"","stick-header-meta":"","header-above-stick-meta":"","header-main-stick-meta":"","header-below-stick-meta":"","_joinchat":[]},"yoast_head":"<!-- This site is optimized with the Yoast SEO plugin v19.3 - https:\/\/yoast.com\/wordpress\/plugins\/seo\/ -->\n<title>Duelo - Perdidas Afectivas &bull; Saiatuz Psikologia<\/title>\n<meta name=\"description\" content=\"Entendemos las p\u00e9rdidas afectivas en la dimensi\u00f3n m\u00e1s amplia del duelo, ayudando en que te enfoques en el tipo de p\u00e9rdida y las herramientas que necesitas.\" \/>\n<meta name=\"robots\" content=\"index, follow, max-snippet:-1, max-image-preview:large, max-video-preview:-1\" \/>\n<link rel=\"canonical\" href=\"https:\/\/saiatuz.eus\/es\/duelo-perdidas-afectivas\/\" \/>\n<meta property=\"og:locale\" content=\"es_ES\" \/>\n<meta property=\"og:type\" content=\"article\" \/>\n<meta property=\"og:title\" content=\"Duelo - Perdidas Afectivas &bull; Saiatuz Psikologia\" \/>\n<meta property=\"og:description\" content=\"Entendemos las p\u00e9rdidas afectivas en la dimensi\u00f3n m\u00e1s amplia del duelo, ayudando en que te enfoques en el tipo de p\u00e9rdida y las herramientas que necesitas.\" \/>\n<meta property=\"og:url\" content=\"https:\/\/saiatuz.eus\/es\/duelo-perdidas-afectivas\/\" \/>\n<meta property=\"og:site_name\" content=\"Saiatuz Psikologia\" \/>\n<meta property=\"article:modified_time\" content=\"2022-12-14T13:09:14+00:00\" \/>\n<meta property=\"og:image\" content=\"https:\/\/saiatuz.eus\/wp-content\/uploads\/2022\/06\/fog-mist-ocean-1868416-530x800.jpg\" \/>\n<meta name=\"twitter:card\" content=\"summary_large_image\" \/>\n<meta name=\"twitter:site\" content=\"@SaiatuzP\" \/>\n<meta name=\"twitter:label1\" content=\"Tiempo de lectura\" \/>\n\t<meta name=\"twitter:data1\" content=\"2 minutos\" \/>\n<script type=\"application\/ld+json\" class=\"yoast-schema-graph\">{\"@context\":\"https:\/\/schema.org\",\"@graph\":[{\"@type\":\"Organization\",\"@id\":\"https:\/\/saiatuz.eus\/#organization\",\"name\":\"Saiatuz Psikoterapia\",\"url\":\"https:\/\/saiatuz.eus\/\",\"sameAs\":[\"https:\/\/www.instagram.com\/saiatuzpsikologia\/\",\"https:\/\/twitter.com\/SaiatuzP\"],\"logo\":{\"@type\":\"ImageObject\",\"inLanguage\":\"es\",\"@id\":\"https:\/\/saiatuz.eus\/#\/schema\/logo\/image\/\",\"url\":\"https:\/\/saiatuz.eus\/wp-content\/uploads\/2022\/04\/Saiatuz3_kolore.jpg\",\"contentUrl\":\"https:\/\/saiatuz.eus\/wp-content\/uploads\/2022\/04\/Saiatuz3_kolore.jpg\",\"width\":2160,\"height\":1098,\"caption\":\"Saiatuz Psikoterapia\"},\"image\":{\"@id\":\"https:\/\/saiatuz.eus\/#\/schema\/logo\/image\/\"}},{\"@type\":\"WebSite\",\"@id\":\"https:\/\/saiatuz.eus\/#website\",\"url\":\"https:\/\/saiatuz.eus\/\",\"name\":\"Saiatuz Psikologia\",\"description\":\"\",\"publisher\":{\"@id\":\"https:\/\/saiatuz.eus\/#organization\"},\"potentialAction\":[{\"@type\":\"SearchAction\",\"target\":{\"@type\":\"EntryPoint\",\"urlTemplate\":\"https:\/\/saiatuz.eus\/?s={search_term_string}\"},\"query-input\":\"required name=search_term_string\"}],\"inLanguage\":\"es\"},{\"@type\":\"ImageObject\",\"inLanguage\":\"es\",\"@id\":\"https:\/\/saiatuz.eus\/es\/duelo-perdidas-afectivas\/#primaryimage\",\"url\":\"https:\/\/saiatuz.eus\/wp-content\/uploads\/2022\/06\/fog-mist-ocean-1868416.jpg\",\"contentUrl\":\"https:\/\/saiatuz.eus\/wp-content\/uploads\/2022\/06\/fog-mist-ocean-1868416.jpg\",\"width\":848,\"height\":1280,\"caption\":\"fog, mist, ocean-1868416.jpg\"},{\"@type\":\"WebPage\",\"@id\":\"https:\/\/saiatuz.eus\/es\/duelo-perdidas-afectivas\/\",\"url\":\"https:\/\/saiatuz.eus\/es\/duelo-perdidas-afectivas\/\",\"name\":\"Duelo - Perdidas Afectivas &bull; Saiatuz Psikologia\",\"isPartOf\":{\"@id\":\"https:\/\/saiatuz.eus\/#website\"},\"primaryImageOfPage\":{\"@id\":\"https:\/\/saiatuz.eus\/es\/duelo-perdidas-afectivas\/#primaryimage\"},\"datePublished\":\"2022-05-31T07:42:25+00:00\",\"dateModified\":\"2022-12-14T13:09:14+00:00\",\"description\":\"Entendemos las p\u00e9rdidas afectivas en la dimensi\u00f3n m\u00e1s amplia del duelo, ayudando en que te enfoques en el tipo de p\u00e9rdida y las herramientas que necesitas.\",\"breadcrumb\":{\"@id\":\"https:\/\/saiatuz.eus\/es\/duelo-perdidas-afectivas\/#breadcrumb\"},\"inLanguage\":\"es\",\"potentialAction\":[{\"@type\":\"ReadAction\",\"target\":[\"https:\/\/saiatuz.eus\/es\/duelo-perdidas-afectivas\/\"]}]},{\"@type\":\"BreadcrumbList\",\"@id\":\"https:\/\/saiatuz.eus\/es\/duelo-perdidas-afectivas\/#breadcrumb\",\"itemListElement\":[{\"@type\":\"ListItem\",\"position\":1,\"name\":\"Home\",\"item\":\"https:\/\/saiatuz.eus\/es\/\"},{\"@type\":\"ListItem\",\"position\":2,\"name\":\"Duelo &#8211; Perdidas Afectivas\"}]}]}<\/script>\n<!-- \/ Yoast SEO plugin. -->","yoast_head_json":{"title":"Duelo - Perdidas Afectivas &bull; Saiatuz Psikologia","description":"Entendemos las p\u00e9rdidas afectivas en la dimensi\u00f3n m\u00e1s amplia del duelo, ayudando en que te enfoques en el tipo de p\u00e9rdida y las herramientas que necesitas.","robots":{"index":"index","follow":"follow","max-snippet":"max-snippet:-1","max-image-preview":"max-image-preview:large","max-video-preview":"max-video-preview:-1"},"canonical":"https:\/\/saiatuz.eus\/es\/duelo-perdidas-afectivas\/","og_locale":"es_ES","og_type":"article","og_title":"Duelo - Perdidas Afectivas &bull; Saiatuz Psikologia","og_description":"Entendemos las p\u00e9rdidas afectivas en la dimensi\u00f3n m\u00e1s amplia del duelo, ayudando en que te enfoques en el tipo de p\u00e9rdida y las herramientas que necesitas.","og_url":"https:\/\/saiatuz.eus\/es\/duelo-perdidas-afectivas\/","og_site_name":"Saiatuz Psikologia","article_modified_time":"2022-12-14T13:09:14+00:00","og_image":[{"url":"https:\/\/saiatuz.eus\/wp-content\/uploads\/2022\/06\/fog-mist-ocean-1868416-530x800.jpg"}],"twitter_card":"summary_large_image","twitter_site":"@SaiatuzP","twitter_misc":{"Tiempo de lectura":"2 minutos"},"schema":{"@context":"https:\/\/schema.org","@graph":[{"@type":"Organization","@id":"https:\/\/saiatuz.eus\/#organization","name":"Saiatuz Psikoterapia","url":"https:\/\/saiatuz.eus\/","sameAs":["https:\/\/www.instagram.com\/saiatuzpsikologia\/","https:\/\/twitter.com\/SaiatuzP"],"logo":{"@type":"ImageObject","inLanguage":"es","@id":"https:\/\/saiatuz.eus\/#\/schema\/logo\/image\/","url":"https:\/\/saiatuz.eus\/wp-content\/uploads\/2022\/04\/Saiatuz3_kolore.jpg","contentUrl":"https:\/\/saiatuz.eus\/wp-content\/uploads\/2022\/04\/Saiatuz3_kolore.jpg","width":2160,"height":1098,"caption":"Saiatuz Psikoterapia"},"image":{"@id":"https:\/\/saiatuz.eus\/#\/schema\/logo\/image\/"}},{"@type":"WebSite","@id":"https:\/\/saiatuz.eus\/#website","url":"https:\/\/saiatuz.eus\/","name":"Saiatuz Psikologia","description":"","publisher":{"@id":"https:\/\/saiatuz.eus\/#organization"},"potentialAction":[{"@type":"SearchAction","target":{"@type":"EntryPoint","urlTemplate":"https:\/\/saiatuz.eus\/?s={search_term_string}"},"query-input":"required name=search_term_string"}],"inLanguage":"es"},{"@type":"ImageObject","inLanguage":"es","@id":"https:\/\/saiatuz.eus\/es\/duelo-perdidas-afectivas\/#primaryimage","url":"https:\/\/saiatuz.eus\/wp-content\/uploads\/2022\/06\/fog-mist-ocean-1868416.jpg","contentUrl":"https:\/\/saiatuz.eus\/wp-content\/uploads\/2022\/06\/fog-mist-ocean-1868416.jpg","width":848,"height":1280,"caption":"fog, mist, ocean-1868416.jpg"},{"@type":"WebPage","@id":"https:\/\/saiatuz.eus\/es\/duelo-perdidas-afectivas\/","url":"https:\/\/saiatuz.eus\/es\/duelo-perdidas-afectivas\/","name":"Duelo - Perdidas Afectivas &bull; Saiatuz Psikologia","isPartOf":{"@id":"https:\/\/saiatuz.eus\/#website"},"primaryImageOfPage":{"@id":"https:\/\/saiatuz.eus\/es\/duelo-perdidas-afectivas\/#primaryimage"},"datePublished":"2022-05-31T07:42:25+00:00","dateModified":"2022-12-14T13:09:14+00:00","description":"Entendemos las p\u00e9rdidas afectivas en la dimensi\u00f3n m\u00e1s amplia del duelo, ayudando en que te enfoques en el tipo de p\u00e9rdida y las herramientas que necesitas.","breadcrumb":{"@id":"https:\/\/saiatuz.eus\/es\/duelo-perdidas-afectivas\/#breadcrumb"},"inLanguage":"es","potentialAction":[{"@type":"ReadAction","target":["https:\/\/saiatuz.eus\/es\/duelo-perdidas-afectivas\/"]}]},{"@type":"BreadcrumbList","@id":"https:\/\/saiatuz.eus\/es\/duelo-perdidas-afectivas\/#breadcrumb","itemListElement":[{"@type":"ListItem","position":1,"name":"Home","item":"https:\/\/saiatuz.eus\/es\/"},{"@type":"ListItem","position":2,"name":"Duelo &#8211; Perdidas Afectivas"}]}]}},"_links":{"self":[{"href":"https:\/\/saiatuz.eus\/es\/wp-json\/wp\/v2\/pages\/1007"}],"collection":[{"href":"https:\/\/saiatuz.eus\/es\/wp-json\/wp\/v2\/pages"}],"about":[{"href":"https:\/\/saiatuz.eus\/es\/wp-json\/wp\/v2\/types\/page"}],"author":[{"embeddable":true,"href":"https:\/\/saiatuz.eus\/es\/wp-json\/wp\/v2\/users\/1"}],"replies":[{"embeddable":true,"href":"https:\/\/saiatuz.eus\/es\/wp-json\/wp\/v2\/comments?post=1007"}],"version-history":[{"count":5,"href":"https:\/\/saiatuz.eus\/es\/wp-json\/wp\/v2\/pages\/1007\/revisions"}],"predecessor-version":[{"id":1106,"href":"https:\/\/saiatuz.eus\/es\/wp-json\/wp\/v2\/pages\/1007\/revisions\/1106"}],"wp:attachment":[{"href":"https:\/\/saiatuz.eus\/es\/wp-json\/wp\/v2\/media?parent=1007"}],"curies":[{"name":"wp","href":"https:\/\/api.w.org\/{rel}","templated":true}]}}